{"id":167,"date":"2017-06-15T17:22:33","date_gmt":"2017-06-15T15:22:33","guid":{"rendered":"http:\/\/eglise-catholique-valdorge.fr\/?page_id=167"},"modified":"2017-10-24T11:38:57","modified_gmt":"2017-10-24T09:38:57","slug":"demande-dinscription-a-la-catechese","status":"publish","type":"page","link":"https:\/\/eglise-catholique-valdorge.fr\/?page_id=167","title":{"rendered":"Demande de contact et information Cat\u00e9ch\u00e8se"},"content":{"rendered":"\n<div class=\"wpcf7 no-js\" id=\"wpcf7-f199-o1\" lang=\"fr-FR\" dir=\"ltr\">\n<div class=\"screen-reader-response\"><p role=\"status\" aria-live=\"polite\" aria-atomic=\"true\"><\/p> <ul><\/ul><\/div>\n<form action=\"\/index.php?rest_route=%2Fwp%2Fv2%2Fpages%2F167#wpcf7-f199-o1\" method=\"post\" class=\"wpcf7-form init\" aria-label=\"Formulaire de contact\" novalidate=\"novalidate\" data-status=\"init\">\n<div style=\"display: none;\">\n<input type=\"hidden\" name=\"_wpcf7\" value=\"199\" \/>\n<input type=\"hidden\" name=\"_wpcf7_version\" value=\"5.7.7\" \/>\n<input type=\"hidden\" name=\"_wpcf7_locale\" value=\"fr_FR\" \/>\n<input type=\"hidden\" name=\"_wpcf7_unit_tag\" value=\"wpcf7-f199-o1\" \/>\n<input type=\"hidden\" name=\"_wpcf7_container_post\" value=\"0\" \/>\n<input type=\"hidden\" name=\"_wpcf7_posted_data_hash\" value=\"\" \/>\n<\/div>\n<p><label> Votre nom (obligatoire)<br \/>\n<span class=\"wpcf7-form-control-wrap\" data-name=\"your-name\"><input size=\"40\" class=\"wpcf7-form-control wpcf7-text wpcf7-validates-as-required\" aria-required=\"true\" aria-invalid=\"false\" value=\"\" type=\"text\" name=\"your-name\" \/><\/span> <\/label>\n<\/p>\n<p><label> Votre e-mail (obligatoire)<br \/>\n<span class=\"wpcf7-form-control-wrap\" data-name=\"your-email\"><input size=\"40\" class=\"wpcf7-form-control wpcf7-text wpcf7-email wpcf7-validates-as-required wpcf7-validates-as-email\" aria-required=\"true\" aria-invalid=\"false\" value=\"\" type=\"email\" name=\"your-email\" \/><\/span> <\/label>\n<\/p>\n<p><label> Classe de votre enfant \u00e0 la prochaine rentr\u00e9e (obligatoire)<br \/>\n<span class=\"wpcf7-form-control-wrap\" data-name=\"your-class\"><select class=\"wpcf7-form-control wpcf7-select\" aria-invalid=\"false\" name=\"your-class\"><option value=\"maternelle\">maternelle<\/option><option value=\"CP\">CP<\/option><option value=\"CE1\">CE1<\/option><option value=\"CE2\">CE2<\/option><option value=\"CM1\">CM1<\/option><option value=\"CM2\">CM2<\/option><option value=\"6\u00e8me\">6\u00e8me<\/option><option value=\"5\u00e8me\">5\u00e8me<\/option><option value=\"4\u00e8me\">4\u00e8me<\/option><option value=\"3\u00e8me\">3\u00e8me<\/option><option value=\"Lyc\u00e9e\">Lyc\u00e9e<\/option><\/select><\/span> <\/label>\n<\/p>\n<p><label> Votre paroisse (obligatoire)<br \/>\n<span class=\"wpcf7-form-control-wrap\" data-name=\"menu-483\"><select class=\"wpcf7-form-control wpcf7-select wpcf7-validates-as-required\" aria-required=\"true\" aria-invalid=\"false\" name=\"menu-483\"><option value=\"St R\u00e9dempteur (Fleury-M\u00e9rogis)\">St R\u00e9dempteur (Fleury-M\u00e9rogis)<\/option><option value=\"Notre Dame de Gr\u00e2ce (Morsang sur Orge)\">Notre Dame de Gr\u00e2ce (Morsang sur Orge)<\/option><option value=\"St Jean Baptiste (Morsang sur Orge)\">St Jean Baptiste (Morsang sur Orge)<\/option><option value=\"Ste Genevi\u00e8ve (Ste Genevi\u00e8ve des Bois)\">Ste Genevi\u00e8ve (Ste Genevi\u00e8ve des Bois)<\/option><option value=\"St Jean-Marie Vianney (Ste Genevi\u00e8ve des Bois)\">St Jean-Marie Vianney (Ste Genevi\u00e8ve des Bois)<\/option><option value=\"St Jean Ap\u00f4tre (St Michel sur Orge)\">St Jean Ap\u00f4tre (St Michel sur Orge)<\/option><option value=\"St Michel (St Michel sur Orge)\">St Michel (St Michel sur Orge)<\/option><option value=\"St Joseph (Villemoisson sur Orge)\">St Joseph (Villemoisson sur Orge)<\/option><\/select><\/span> <\/label>\n<\/p>\n<p><label> Nom de l'enfant (obligatoire)<br \/>\n<span class=\"wpcf7-form-control-wrap\" data-name=\"your-nomenfant\"><input size=\"40\" class=\"wpcf7-form-control wpcf7-text wpcf7-validates-as-required\" aria-required=\"true\" aria-invalid=\"false\" value=\"\" type=\"text\" name=\"your-nomenfant\" \/><\/span> <\/label>\n<\/p>\n<p><label> Pr\u00e9nom de l'enfant (obligatoire)<br \/>\n<span class=\"wpcf7-form-control-wrap\" data-name=\"your-prenomenfant\"><input size=\"40\" class=\"wpcf7-form-control wpcf7-text wpcf7-validates-as-required\" aria-required=\"true\" aria-invalid=\"false\" value=\"\" type=\"text\" name=\"your-prenomenfant\" \/><\/span> <\/label>\n<\/p>\n<p><label> Date de naissance de l'enfant (obligatoire)<br \/>\n<span class=\"wpcf7-form-control-wrap\" data-name=\"date-838\"><input class=\"wpcf7-form-control wpcf7-date wpcf7-validates-as-required wpcf7-validates-as-date\" aria-required=\"true\" aria-invalid=\"false\" value=\"\" type=\"date\" name=\"date-838\" \/><\/span> <\/label>\n<\/p>\n<p><label> Votre enfant est-il baptis\u00e9 (obligatoire)<br \/>\n<span class=\"wpcf7-form-control-wrap\" data-name=\"checkbox-36\"><span class=\"wpcf7-form-control wpcf7-checkbox wpcf7-validates-as-required wpcf7-exclusive-checkbox\"><span class=\"wpcf7-list-item first\"><input type=\"checkbox\" name=\"checkbox-36\" value=\"oui\" \/><span class=\"wpcf7-list-item-label\">oui<\/span><\/span><span class=\"wpcf7-list-item last\"><input type=\"checkbox\" name=\"checkbox-36\" value=\"non\" \/><span class=\"wpcf7-list-item-label\">non<\/span><\/span><\/span><\/span><br \/>\n<label> Demandez-vous le bapt\u00eame ? (obligatoire)<br \/>\n<span class=\"wpcf7-form-control-wrap\" data-name=\"checkbox-268\"><span class=\"wpcf7-form-control wpcf7-checkbox wpcf7-validates-as-required\"><span class=\"wpcf7-list-item first\"><input type=\"checkbox\" name=\"checkbox-268[]\" value=\"oui\" \/><span class=\"wpcf7-list-item-label\">oui<\/span><\/span><span class=\"wpcf7-list-item last\"><input type=\"checkbox\" name=\"checkbox-268[]\" value=\"non\" \/><span class=\"wpcf7-list-item-label\">non<\/span><\/span><\/span><\/span><br \/>\n<label> Votre enfant a t'il d\u00e9j\u00e0 \u00e9t\u00e9 cat\u00e9chis\u00e9 ? (obligatoire)<br \/>\n<span class=\"wpcf7-form-control-wrap\" data-name=\"checkbox-68\"><span class=\"wpcf7-form-control wpcf7-checkbox wpcf7-validates-as-required wpcf7-exclusive-checkbox\"><span class=\"wpcf7-list-item first\"><input type=\"checkbox\" name=\"checkbox-68\" value=\"oui\" \/><span class=\"wpcf7-list-item-label\">oui<\/span><\/span><span class=\"wpcf7-list-item last\"><input type=\"checkbox\" name=\"checkbox-68\" value=\"non\" \/><span class=\"wpcf7-list-item-label\">non<\/span><\/span><\/span><\/span><br \/>\n<label> Si oui : sur quelle paroisse ? quelle(s) ann\u00e9e(s) ?<br \/>\n<span class=\"wpcf7-form-control-wrap\" data-name=\"catchis\"><textarea cols=\"40\" rows=\"10\" class=\"wpcf7-form-control wpcf7-textarea\" aria-invalid=\"false\" name=\"catchis\"><\/textarea><\/span><br \/>\n<label> Votre enfant a t'il d\u00e9j\u00e0 communi\u00e9 ? (obligatoire)<br \/>\n<span class=\"wpcf7-form-control-wrap\" data-name=\"checkbox-185\"><span class=\"wpcf7-form-control wpcf7-checkbox wpcf7-validates-as-required wpcf7-exclusive-checkbox\"><span class=\"wpcf7-list-item first\"><input type=\"checkbox\" name=\"checkbox-185\" value=\"oui\" \/><span class=\"wpcf7-list-item-label\">oui<\/span><\/span><span class=\"wpcf7-list-item last\"><input type=\"checkbox\" name=\"checkbox-185\" value=\"non\" \/><span class=\"wpcf7-list-item-label\">non<\/span><\/span><\/span><\/span><br \/>\n<label> Si non : demande t'il la premi\u00e8re communion (apr\u00e8s 2 ans cat\u00e9)<br \/>\n<span class=\"wpcf7-form-control-wrap\" data-name=\"checkbox-908\"><span class=\"wpcf7-form-control wpcf7-checkbox wpcf7-exclusive-checkbox\"><span class=\"wpcf7-list-item first\"><input type=\"checkbox\" name=\"checkbox-908\" value=\"oui\" \/><span class=\"wpcf7-list-item-label\">oui<\/span><\/span><span class=\"wpcf7-list-item last\"><input type=\"checkbox\" name=\"checkbox-908\" value=\"non\" \/><span class=\"wpcf7-list-item-label\">non<\/span><\/span><\/span><\/span><br \/>\n<label> T\u00e9l\u00e9phone (obligatoire)<br \/>\n<span class=\"wpcf7-form-control-wrap\" data-name=\"your-phone\"><input size=\"40\" class=\"wpcf7-form-control wpcf7-text wpcf7-tel wpcf7-validates-as-required wpcf7-validates-as-tel\" aria-required=\"true\" aria-invalid=\"false\" value=\"\" type=\"tel\" name=\"your-phone\" \/><\/span><br \/>\n<label> Adresse mail<br \/>\n<span class=\"wpcf7-form-control-wrap\" data-name=\"your-mail\"><input size=\"40\" class=\"wpcf7-form-control wpcf7-text wpcf7-email wpcf7-validates-as-email\" aria-invalid=\"false\" value=\"\" type=\"email\" name=\"your-mail\" \/><\/span><br \/>\n<label> Adresse (obligatoire)<br \/>\n<span class=\"wpcf7-form-control-wrap\" data-name=\"your-adress\"><textarea cols=\"40\" rows=\"10\" class=\"wpcf7-form-control wpcf7-textarea wpcf7-validates-as-required\" aria-required=\"true\" aria-invalid=\"false\" name=\"your-adress\"><\/textarea><\/span><br \/>\n<label> Remarques, demandes... :<br \/>\n<span class=\"wpcf7-form-control-wrap\" data-name=\"request\"><textarea cols=\"40\" rows=\"10\" class=\"wpcf7-form-control wpcf7-textarea\" aria-invalid=\"false\" name=\"request\"><\/textarea><\/span><br \/>\n<label> L'inscription de votre enfant sera finalis\u00e9e apr\u00e8s contact avec le\/la responsable de niveau cat\u00e9ch\u00e8se.<br \/>\n<input class=\"wpcf7-form-control has-spinner wpcf7-submit\" type=\"submit\" value=\"Envoyer\" \/><\/label><\/label><\/label><\/label><\/label><\/label><\/label><\/label><\/label><\/label><\/label>\n<\/p><div class=\"wpcf7-response-output\" aria-hidden=\"true\"><\/div>\n<\/form>\n<\/div>\n\n","protected":false},"excerpt":{"rendered":"","protected":false},"author":1,"featured_media":0,"parent":0,"menu_order":0,"comment_status":"closed","ping_status":"closed","template":"","meta":{"kt_blocks_editor_width":"","footnotes":""},"_links":{"self":[{"href":"https:\/\/eglise-catholique-valdorge.fr\/index.php?rest_route=\/wp\/v2\/pages\/167"}],"collection":[{"href":"https:\/\/eglise-catholique-valdorge.fr\/index.php?rest_route=\/wp\/v2\/pages"}],"about":[{"href":"https:\/\/eglise-catholique-valdorge.fr\/index.php?rest_route=\/wp\/v2\/types\/page"}],"author":[{"embeddable":true,"href":"https:\/\/eglise-catholique-valdorge.fr\/index.php?rest_route=\/wp\/v2\/users\/1"}],"replies":[{"embeddable":true,"href":"https:\/\/eglise-catholique-valdorge.fr\/index.php?rest_route=%2Fwp%2Fv2%2Fcomments&post=167"}],"version-history":[{"count":7,"href":"https:\/\/eglise-catholique-valdorge.fr\/index.php?rest_route=\/wp\/v2\/pages\/167\/revisions"}],"predecessor-version":[{"id":579,"href":"https:\/\/eglise-catholique-valdorge.fr\/index.php?rest_route=\/wp\/v2\/pages\/167\/revisions\/579"}],"wp:attachment":[{"href":"https:\/\/eglise-catholique-valdorge.fr\/index.php?rest_route=%2Fwp%2Fv2%2Fmedia&parent=167"}],"curies":[{"name":"wp","href":"https:\/\/api.w.org\/{rel}","templated":true}]}}