{"id":241,"date":"2017-08-28T17:34:24","date_gmt":"2017-08-28T15:34:24","guid":{"rendered":"http:\/\/eglise-catholique-valdorge.fr\/?page_id=241"},"modified":"2022-11-05T17:34:08","modified_gmt":"2022-11-05T16:34:08","slug":"morsang-sur-orge","status":"publish","type":"page","link":"https:\/\/eglise-catholique-valdorge.fr\/?page_id=241","title":{"rendered":"Morsang-sur-Orge"},"content":{"rendered":"<p style=\"text-align: center;\"><span style=\"font-family: georgia,palatino,serif; font-size: 16pt;\"> <span class=\"moso_titre\"> <strong> <span class=\"Mors_titre\">ACCUEIL<\/span> <\/strong> <\/span> <\/span> <span style=\"font-family: georgia,palatino,serif; font-size: 16pt;\"> <strong> <span class=\"moso_titre\">Morsang sur Orge :<br \/>\n<\/span> <\/strong> <\/span><\/p>\n<p style=\"text-align: center;\"><span style=\"font-family: georgia,palatino,serif; font-size: 12pt;\"> <span class=\"moso_normal\">Presbyt\u00e8re St Jean Baptiste<br \/>\n<\/span> <\/span> <span style=\"font-family: georgia,palatino,serif; font-size: 12pt;\"> <span class=\"moso_normal\">19 rue Jean Raynal<br \/>\n91390 Morsang sur Orge<br \/>\nT\u00e9l : <strong>01 69 04 65 51<\/strong> <\/span> <\/span><br \/>\n<span style=\"color: #0000ff;\"> <strong> <span style=\"font-size: 12pt;\"> <a style=\"color: #0000ff;\" href=\"http:\/\/eglise-catholique-valdorge.fr\/?page_id=394&amp;preview=true\"> <span style=\"font-family: georgia,palatino,serif;\"> <span class=\"moso_normal\"> <span class=\"fleu_normal\">contacter la paroisse par mail<\/span> <\/span> <\/span> <\/a> <\/span> <\/strong> <\/span><\/p>\n<p style=\"text-align: center;\"><span style=\"font-family: georgia,palatino,serif; font-size: 12pt;\"> <span class=\"moso_intitre\"> <strong>Permanences :<\/strong><br \/>\n<\/span> <span class=\"moso_normal\">Samedi de 10h \u00e0 12h (sauf en juillet et ao\u00fbt) <!--\n\nLes samedis 4 et 11 juillet de 10h \u00e0 12h\n--> <\/span> <\/span><\/p>\n<p style=\"text-align: center;\"><span style=\"font-family: georgia,palatino,serif; font-size: 12pt;\"> <span class=\"moso_intitre\"> <strong>Rendez-vous avec un pr\u00eatre :<\/strong><\/span><\/span> <span style=\"font-family: georgia,palatino,serif; font-size: 12pt;\"><span class=\"fleu_normal\"><br \/>\n<\/span><span style=\"color: #0000ff;\"><strong><a style=\"color: #0000ff;\" href=\"http:\/\/eglise-catholique-valdorge.fr\/?page_id=5959\"><span class=\"fleu_intitre\">Contacter Fr\u00e8re Beno\u00eet DUBIGEON pour un rendez-vous <\/span><\/a><\/strong><\/span><\/span><\/p>\n<p><!--\n\n\n<p style=\"text-align: center;\"><span style=\"font-family: georgia,palatino,serif; font-size: 12pt;\"> <span class=\"moso_intitre\"> <strong>Rendez-vous avec un pr\u00eatre :<\/strong>\n<span class=\"moso_normal\"><span style=\"color: #000000;\"> P\u00e8re Magloire KETEHOULI sur rendez-vous au 09.82.36.96.60\n<\/span> <\/span> <\/span><\/span><\/p>\n\n\n\n--><\/p>\n<pre style=\"text-align: center;\"><span style=\"font-family: georgia,palatino,serif; font-size: 12pt;\"><span class=\"Mich_intitre\"><img loading=\"lazy\" decoding=\"async\" class=\"aligncenter size-thumbnail wp-image-398\" src=\"http:\/\/eglise-catholique-valdorge.fr\/wp-content\/uploads\/2017\/08\/MorsangStJBaptiste01-150x150.jpg\" alt=\"\" width=\"150\" height=\"150\" \/><strong>\u00c9glise Saint Jean Baptiste<\/strong>\n<\/span><\/span>\n<span style=\"font-family: georgia,palatino,serif; font-size: 12pt;\"> <span class=\"Mich_normal\">19, rue Jean Raynal <\/span><\/span>\n<!-- -->\n<span style=\"font-family: georgia,palatino,serif; font-size: 12pt;\"><span class=\"Mich_c1\">Ouverture : tous les jours 9h-19h \nJeudi : messe \u00e0 9h00 suivi de chapelet \u00e0 9h30<\/span><\/span>\n<!-- -->\n<\/pre>\n<pre style=\"text-align: center;\"><span style=\"font-family: georgia,palatino,serif; font-size: 12pt;\"><span class=\"Mors_titre\"><img loading=\"lazy\" decoding=\"async\" class=\"aligncenter size-thumbnail wp-image-399\" src=\"http:\/\/eglise-catholique-valdorge.fr\/wp-content\/uploads\/2017\/08\/MONDGrace01-150x150.jpg\" alt=\"\" width=\"150\" height=\"150\" \/><strong> Chapelle Notre Dame de Gr\u00e2ce<\/strong> <\/span><\/span>\n\n<span style=\"font-family: georgia,palatino,serif; font-size: 12pt;\"> <span class=\"Mich_normal\">85, rue de Juvisy <\/span><\/span>\n<span style=\"font-family: georgia,palatino,serif; font-size: 12pt;\"><span class=\"Mich_c1\">\nOuverture : aux heures de c\u00e9l\u00e9brations \nMesse\u00a0le dimanche \u00e0 10h30\n<span style=\"color: #ff0000;\"><!-- Chapelet une fois par mois \n(en Juillet 2020)\nMesse\u00a0le samedi \u00e0 18h00 (en Ao\u00fbt 2020)\n<span style=\"color: #ff0000;\">En p\u00e9riode de d\u00e9-confinement :\n* Capacit\u00e9 : 100\n* Masque obligatoire \u00e0 partir de 6 ans -->\n* Venir avec gel hydroalcoolique. \n* Respecter les consignes des h\u00f4te(esse)s d'accueil<\/span><\/span><\/span>\n<\/pre>\n","protected":false},"excerpt":{"rendered":"<p>ACCUEIL Morsang sur Orge : Presbyt\u00e8re St Jean Baptiste 19 rue Jean Raynal 91390 Morsang sur Orge T\u00e9l : 01 69 04 65 51 contacter la paroisse par mail Permanences : Samedi de 10h \u00e0 12h (sauf en juillet et &hellip; <a href=\"https:\/\/eglise-catholique-valdorge.fr\/?page_id=241\">Lire la suite\u00ad\u00ad<\/a><\/p>\n","protected":false},"author":1,"featured_media":0,"parent":0,"menu_order":0,"comment_status":"closed","ping_status":"closed","template":"","meta":{"kt_blocks_editor_width":"","footnotes":""},"_links":{"self":[{"href":"https:\/\/eglise-catholique-valdorge.fr\/index.php?rest_route=\/wp\/v2\/pages\/241"}],"collection":[{"href":"https:\/\/eglise-catholique-valdorge.fr\/index.php?rest_route=\/wp\/v2\/pages"}],"about":[{"href":"https:\/\/eglise-catholique-valdorge.fr\/index.php?rest_route=\/wp\/v2\/types\/page"}],"author":[{"embeddable":true,"href":"https:\/\/eglise-catholique-valdorge.fr\/index.php?rest_route=\/wp\/v2\/users\/1"}],"replies":[{"embeddable":true,"href":"https:\/\/eglise-catholique-valdorge.fr\/index.php?rest_route=%2Fwp%2Fv2%2Fcomments&post=241"}],"version-history":[{"count":35,"href":"https:\/\/eglise-catholique-valdorge.fr\/index.php?rest_route=\/wp\/v2\/pages\/241\/revisions"}],"predecessor-version":[{"id":6030,"href":"https:\/\/eglise-catholique-valdorge.fr\/index.php?rest_route=\/wp\/v2\/pages\/241\/revisions\/6030"}],"wp:attachment":[{"href":"https:\/\/eglise-catholique-valdorge.fr\/index.php?rest_route=%2Fwp%2Fv2%2Fmedia&parent=241"}],"curies":[{"name":"wp","href":"https:\/\/api.w.org\/{rel}","templated":true}]}}