{"id":5669,"date":"2022-03-10T13:40:15","date_gmt":"2022-03-10T12:40:15","guid":{"rendered":"https:\/\/eglise-catholique-valdorge.fr\/?page_id=5669"},"modified":"2022-03-10T22:30:33","modified_gmt":"2022-03-10T21:30:33","slug":"careme-2022-2eme-dimanche-12-13-mars-2022","status":"publish","type":"page","link":"https:\/\/eglise-catholique-valdorge.fr\/?page_id=5669","title":{"rendered":"Car\u00eame 2022 : 2\u00e8me dimanche 12-13 mars 2022"},"content":{"rendered":"\n<h1><img loading=\"lazy\" decoding=\"async\" class=\"alignnone  wp-image-5498 aligncenter\" src=\"https:\/\/eglise-catholique-valdorge.fr\/wp-content\/uploads\/2022\/02\/Deuxieme-dimanche-300x156.jpg\" alt=\"\" width=\"465\" height=\"242\" srcset=\"https:\/\/eglise-catholique-valdorge.fr\/wp-content\/uploads\/2022\/02\/Deuxieme-dimanche-300x156.jpg 300w, https:\/\/eglise-catholique-valdorge.fr\/wp-content\/uploads\/2022\/02\/Deuxieme-dimanche.jpg 457w\" sizes=\"(max-width: 465px) 100vw, 465px\" \/><\/h1>\n<h2 style=\"text-align: center;\"><strong>SECTEUR DU VAL D&rsquo;ORGE\u00a0 <\/strong><\/h2>\n<h2 style=\"text-align: center;\"><strong>MESSE DU 2<sup>\u00e8me<\/sup>DIMANCHE de CAREME <\/strong><\/h2>\n<h2 style=\"text-align: center;\"><strong>\u00a0Ann\u00e9e C &#8211; 12 -13 Mars 2022<\/strong><\/h2>\n<p><strong>\u00a0<\/strong><\/p>\n<p style=\"text-align: center;\"><em><strong>\u00ab\u00a0Pierre et ses compagnons \u00e9taient accabl\u00e9s de sommeil ;<\/strong><\/em><\/p>\n<p style=\"text-align: center;\"><em><strong>mais, restant \u00e9veill\u00e9s, ils virent la gloire de J\u00e9sus\u2026\u00a0\u00bb<\/strong><\/em><\/p>\n<p>\u00a0<\/p>\n<p><span style=\"color: #0000ff;\"><strong><u>Accueil<\/u><\/strong><\/span>\u00a0\u00a0\u00a0\u00a0\u00a0\u00a0\u00a0 Bonjour et bienvenue \u00e0 toutes et \u00e0 tous en ce dimanche o\u00f9 nous sommes invit\u00e9s \u00e0 la contemplation : avec Abraham, admirons le ciel dont les nombreuses \u00e9toiles sont l&rsquo;image de l&rsquo;humanit\u00e9; avec Pierre, Jacques et Jean, contemplons J\u00e9sus transfigur\u00e9, Fils choisi du P\u00e8re.<\/p>\n<p>Et r\u00e9pondons \u00e0 cette invitation en \u00e9coutant sa Parole et en la mettant en pratique : par elle, nous sommes tous fils du m\u00eame P\u00e8re et fr\u00e8res et s\u0153ur en J\u00e9sus-Christ.<\/p>\n<p>C&rsquo;est bien en fr\u00e8res et s\u0153urs que 300 d\u00e9l\u00e9gu\u00e9s sont rassembl\u00e9s ce week-end pour la premi\u00e8re session de l&rsquo;assembl\u00e9e synodale : pr\u00eatres, diacres, religieux, religieuses et la\u00efcs membres de\u00a0 nos secteurs ou mouvements. Portons-les dans notre pri\u00e8re.<\/p>\n<p><span style=\"color: #0000ff;\"><strong><em>\u266b Chant<\/em><\/strong><\/span>\u00a0\u00a0\u00a0\u00a0\u00a0\u00a0\u00a0\u00a0 Lumi\u00e8re des hommes \u00a0\u00a0\u00a0\u00a0\u00a0\u00a0\u00a0\u00a0\u00a0\u00a0 \u00a0\u00a0\u00a0\u00a0\u00a0\u00a0\u00a0\u00a0\u00a0\u00a0\u00a0 G 128<\/p>\n<p>\u00a0\u00a0\u00a0\u00a0\u00a0\u00a0\u00a0\u00a0\u00a0\u00a0\u00a0\u00a0\u00a0\u00a0\u00a0\u00a0\u00a0\u00a0\u00a0\u00a0\u00a0\u00a0\u00a0 Sur les routes de l&rsquo;alliance\u00a0\u00a0\u00a0 \u00a0\u00a0\u00a0\u00a0\u00a0\u00a0\u00a0\u00a0\u00a0\u00a0\u00a0 G 321 Couplets 2 et 4<\/p>\n<p>\u00a0\u00a0\u00a0\u00a0\u00a0\u00a0\u00a0\u00a0\u00a0\u00a0\u00a0\u00a0\u00a0\u00a0\u00a0\u00a0\u00a0\u00a0\u00a0\u00a0\u00a0\u00a0\u00a0 \u00a0Rends nous la joie de ton salut\u00a0\u00a0\u00a0\u00a0\u00a0\u00a0\u00a0 G 268 Couplets 7, 8,10<\/p>\n<p><strong>Pr\u00e9paration P\u00e9nitentielle<\/strong>\u00a0 \u266b au choix\u00a0\u00a0<\/p>\n<ul>\n<li>Seigneur J\u00e9sus, tu connais nos frilosit\u00e9s; aide-nous \u00e0 porter ta Parole. Seigneur, prends piti\u00e9 de nous.<\/li>\n<li>\u00d4 Christ, tu connais nos doutes; viens renforcer notre foi. \u00d4 Christ, prends piti\u00e9 de nous.<\/li>\n<li>Seigneur, tu connais nos infid\u00e9lit\u00e9s; garde-nous dans ton amour. Seigneur, prends piti\u00e9 de nous.<\/li>\n<\/ul>\n<p><em>ou\u00a0<\/em>\u00a0 Seigneur, j&rsquo;accueille ton pardon\u00a0\u00a0\u00a0\u00a0\u00a0 G 25-52 Couplets 1 et 3<\/p>\n<h3><span style=\"color: #ff0000;\">Liturgie de la Parole<\/span><\/h3>\n<h4><span style=\"color: #0000ff;\">Premi\u00e8re lecture<\/span>\u00a0\u00a0\u00a0\u00a0\u00a0 Gen\u00e8se (15, 5-12. 17-18)<\/h4>\n<h4><span style=\"color: #0000ff;\"><em>Psaume<\/em><\/span>\u00a0 <span style=\"color: #0000ff;\">26(27)<\/span>\u00a0\u00a0\u00a0\u00a0\u00a0\u00a0\u00a0\u00a0\u00a0 \u266b <em>Antienne<\/em> : <strong><em>Le Seigneur est ma lumi\u00e8re et mon salut <\/em><\/strong><\/h4>\n<p>(Musique Prions en \u00c9glise p.88 ou autre)<\/p>\n<h4><span style=\"color: #0000ff;\">Deuxi\u00e8me lecture<\/span>\u00a0\u00a0\u00a0\u00a0 Lettre de saint Paul ap\u00f4tre aux Philippiens (3, 17 \u2013 4, 1)<\/h4>\n<p><strong><em>Acclamation<\/em><\/strong>\u00a0\u00a0 <strong><em>Ta Parole, Seigneur, est lumi\u00e8re<\/em><\/strong> U 48-75<\/p>\n<p>De la nu\u00e9e lumineuse, la voix du P\u00e8re a retenti : \u00ab Celui-ci est mon Fils bien-aim\u00e9, \u00e9coutez-le ! \u00bb\u00a0\u00a0<\/p>\n<h4><span style=\"color: #0000ff;\">\u00c9vangile<\/span> Luc (9, 28b-36)<strong> \u00a0<\/strong><\/h4>\n<h4><strong>Hom\u00e9lie<\/strong><\/h4>\n<h4><em>Credo<\/em><\/h4>\n<h4><span style=\"color: #0000ff;\">Pri\u00e8re universelle<\/span><strong>.<\/strong><\/h4>\n<p><strong><em>\u266b Antienne\u00a0\u00a0\u00a0 R\u00e9v\u00e8le-nous, Seigneur, ton visage de lumi\u00e8re<\/em><\/strong><\/p>\n<h3><span style=\"color: #ff0000;\">Pri\u00e8re eucharistique<\/span><\/h3>\n<p><strong>\u266b <\/strong><em>Sanctus <\/em>et <em>\u00a0Anamn\u00e8se<\/em>\u00a0\u00a0\u00a0\u00a0\u00a0\u00a0\u00a0 Messe de l&rsquo;Ermitage (Gouzes) ou autre choix<\/p>\n<p><em>Notre P\u00e8re\u00a0\u00a0 <\/em>proclam\u00e9<em>\u00a0\u00a0\u00a0\u00a0\u00a0\u00a0\u00a0\u00a0\u00a0\u00a0\u00a0\u00a0 <\/em><\/p>\n<p><em>\u266b Agneau de Dieu<\/em> \u00a0\u00a0\u00a0\u00a0 Messe de l&rsquo;Ermitage (Gouzes) ou autre choix<\/p>\n<p><em>\u00a0<\/em><\/p>\n<h4><strong><em>\u266b <\/em><\/strong><em>Communion\u00a0 \u00a0 \u00a0 \u00a0 \u00a0 <\/em>Pain des merveilles\u00a0\u00a0\u00a0\u00a0\u00a0\u00a0\u00a0\u00a0\u00a0\u00a0\u00a0\u00a0\u00a0\u00a0 D 203<\/h4>\n<p>\u00a0\u00a0\u00a0\u00a0\u00a0\u00a0\u00a0\u00a0\u00a0\u00a0\u00a0\u00a0\u00a0\u00a0\u00a0\u00a0\u00a0\u00a0\u00a0\u00a0\u00a0\u00a0\u00a0\u00a0\u00a0\u00a0\u00a0\u00a0\u00a0\u00a0\u00a0\u00a0\u00a0\u00a0 Le pain dans nos mains\u00a0\u00a0\u00a0\u00a0\u00a0\u00a0\u00a0\u00a0 D 520<\/p>\n<p>\u00a0\u00a0\u00a0\u00a0\u00a0\u00a0\u00a0\u00a0\u00a0\u00a0\u00a0\u00a0\u00a0\u00a0\u00a0\u00a0\u00a0\u00a0\u00a0\u00a0\u00a0\u00a0\u00a0\u00a0\u00a0\u00a0\u00a0\u00a0\u00a0\u00a0\u00a0\u00a0\u00a0\u00a0 Venez du fonds des temps<\/p>\n<p>\u00a0<\/p>\n<h3><span style=\"color: #ff0000;\">Pri\u00e8re du synode <\/span><strong>(\u00e0 lire)<\/strong><\/h3>\n<p>Dieu Notre P\u00e8re, tu nous as cr\u00e9\u00e9s \u00e0 ta ressemblance.<br \/>Tu as tellement aim\u00e9 les hommes<br \/>que tu nous as donn\u00e9 ton Fils<br \/>afin qu\u2019il nous conduise vers toi<br \/>et nous unisse dans l\u2019Esprit.<\/p>\n<p>Tels que nous sommes, disciples de J\u00e9sus-Christ,<br \/>assur\u00e9s de sa pr\u00e9sence en toutes circonstances,<br \/>nous l\u2019accueillons dans le service du prochain<\/p>\n<p>\u00a0T\u00e9moins ensemble de l\u2019\u00c9vangile<br \/>en cette terre d\u2019Essonne,<br \/>nous voulons poursuivre Sa mission<br \/>en prenant soin de chacun.<\/p>\n<p>Que ton Esprit-Saint nous rende attentifs<br \/>\u00e0 tous ceux parmi lesquels nous vivons,<br \/>partageant leurs joies et leurs espoirs,<br \/>leurs tristesses et leurs angoisses,<\/p>\n<p>Qu\u2019il nous donne, avec le synode,<br \/>de fortifier le souci du monde que nous habitons,<br \/>le souci de tous\u00a0 et particuli\u00e8rement des plus fragiles.<\/p>\n<p>A l\u2019\u00e9coute de ce que ton Esprit dit<br \/>\u00e0 ton Peuple qui est en Essonne,<br \/>aide-nous \u00e0 discerner, consolider,<br \/>choisir et inventer les chemins<br \/>pour la marche de notre \u00c9glise dioc\u00e9saine<br \/>dans les prochaines ann\u00e9es.<\/p>\n<p>A l\u2019\u00e9coute de ta Parole,<br \/>avec Notre-Dame de Bonne Garde,<br \/>puissions-nous \u00eatre le reflet de ton regard,<br \/>de Ta pr\u00e9sence et de la joie de l\u2019\u00c9vangile.<\/p>\n<p><strong>Amen\u00a0!<\/strong><\/p>\n<p><strong><em>\u00a0<\/em><\/strong><\/p>\n<h3><strong><em>\u266b <\/em><\/strong><em><span style=\"color: #ff0000;\">Envoi\u00a0<\/span><\/em><\/h3>\n<h4>Chant du synode : Peuple de Dieu, va sur ton chemin\u00a0 T 77-33 Couplets 1, 2, 7<\/h4>\n<p>\u00a0\u00a0\u00a0\u00a0\u00a0\u00a0\u00a0\u00a0\u00a0\u00a0\u00a0\u00a0\u00a0\u00a0\u00a0\u00a0\u00a0\u00a0\u00a0\u00a0\u00a0\u00a0\u00a0<\/p>\n<h3><span style=\"color: #ff0000;\">Pri\u00e8re universelle<strong>.<\/strong><\/span><\/h3>\n<p><strong><em>\u266b Antienne\u00a0\u00a0\u00a0 R\u00e9v\u00e8le-nous, Seigneur, ton visage de lumi\u00e8re<\/em><\/strong><\/p>\n<ul style=\"list-style-type: circle;\">\n<li>\u00ab <em>Celui-ci est mon Fils, \u00e9coutez-le !<\/em> \u00bb<\/li>\n<\/ul>\n<p>\u00a0 \u00a0 \u00a0 \u00a0 \u00a0Notre marche vers P\u00e2ques est une belle occasion pour aller \u00e0 l\u2019\u00e9cart, ouvrir les \u00c9critures.<br \/>\u00a0 \u00a0 \u00a0 \u00a0 \u00a0Aide-nous, Seigneur, \u00e0 nous mettre \u00e0 l&rsquo;\u00e9coute de la voix de ton Fils pour suivre le chemin sur lequel\u00a0 il nous pr\u00e9c\u00e8de.<\/p>\n<ul style=\"list-style-type: circle;\">\n<li>\u00ab <em>J\u00e9sus gravit la montagne pour prier.<\/em> \u00bb<\/li>\n<\/ul>\n<p>\u00a0 \u00a0 \u00a0 \u00a0 \u00a0Merci, Seigneur, de nous montrer que J\u00e9sus enracine sa mission dans la pri\u00e8re.<br \/>\u00a0 \u00a0 \u00a0 \u00a0 \u00a0Donne-nous de savoir conjuguer au quotidien pri\u00e8re et engagement dans la cit\u00e9.<\/p>\n<ul style=\"list-style-type: circle;\">\n<li>\u00ab <em>Ma\u00eetre, il est bon que nous soyons ici<\/em>. \u00bb<\/li>\n<\/ul>\n<p>\u00a0 \u00a0 \u00a0 \u00a0 \u00a0Le R\u00e9seau d\u2019horticulteurs de la r\u00e9gion de Kayes est un partenaire malien du CCFD-Terre Solidaire, qui regroupe plusieurs milliers d\u2019horticulteurs et de mara\u00eechers. Merci, Seigneur, de susciter des personnes qui se soucient de leurs fr\u00e8res et s\u0153urs et sont attentifs \u00e0 la nature.<br \/>\u00a0 \u00a0 \u00a0 \u00a0 \u00a0Dieu cr\u00e9ateur, nous te les confions. Donne-leur ta sagesse pour qu\u2019ils apportent la s\u00e9curit\u00e9 alimentaire gr\u00e2ce aux pratiques agro-\u00e9cologiques.<\/p>\n<ul style=\"list-style-type: circle;\">\n<li>Nous te confions Seigneur les membres de notre Eglise dioc\u00e9saine, particuli\u00e8rement les 300 d\u00e9l\u00e9gu\u00e9s \u00e0 l\u2019assembl\u00e9e synodale. Que ton Esprit saint les guide et les inspire dans leur mission, qu\u2019il leur donne la sagesse et l\u2019audace d\u2019inventer de nouveaux chemins pour toujours t\u00e9moigner de la joie de l\u2019Evangile sur notre terre d\u2019Essonne.<\/li>\n<\/ul>\n<p>\u00a0 \u00a0 \u00a0 \u00a0 \u00a0On pourra aussi prier pour les personnes victimes de la guerre, en Ukraine mais aussi ailleurs : ajouter aux intentions ou voir avec le pr\u00eatre pr\u00e9sident s&rsquo;il l&rsquo;ins\u00e8re dans la pri\u00e8re<\/p>\n","protected":false},"excerpt":{"rendered":"","protected":false},"author":1,"featured_media":0,"parent":0,"menu_order":0,"comment_status":"closed","ping_status":"closed","template":"","meta":{"kt_blocks_editor_width":"","footnotes":""},"_links":{"self":[{"href":"https:\/\/eglise-catholique-valdorge.fr\/index.php?rest_route=\/wp\/v2\/pages\/5669"}],"collection":[{"href":"https:\/\/eglise-catholique-valdorge.fr\/index.php?rest_route=\/wp\/v2\/pages"}],"about":[{"href":"https:\/\/eglise-catholique-valdorge.fr\/index.php?rest_route=\/wp\/v2\/types\/page"}],"author":[{"embeddable":true,"href":"https:\/\/eglise-catholique-valdorge.fr\/index.php?rest_route=\/wp\/v2\/users\/1"}],"replies":[{"embeddable":true,"href":"https:\/\/eglise-catholique-valdorge.fr\/index.php?rest_route=%2Fwp%2Fv2%2Fcomments&post=5669"}],"version-history":[{"count":5,"href":"https:\/\/eglise-catholique-valdorge.fr\/index.php?rest_route=\/wp\/v2\/pages\/5669\/revisions"}],"predecessor-version":[{"id":5718,"href":"https:\/\/eglise-catholique-valdorge.fr\/index.php?rest_route=\/wp\/v2\/pages\/5669\/revisions\/5718"}],"wp:attachment":[{"href":"https:\/\/eglise-catholique-valdorge.fr\/index.php?rest_route=%2Fwp%2Fv2%2Fmedia&parent=5669"}],"curies":[{"name":"wp","href":"https:\/\/api.w.org\/{rel}","templated":true}]}}