{"id":5675,"date":"2022-03-10T13:52:45","date_gmt":"2022-03-10T12:52:45","guid":{"rendered":"https:\/\/eglise-catholique-valdorge.fr\/?page_id=5675"},"modified":"2022-03-10T21:57:23","modified_gmt":"2022-03-10T20:57:23","slug":"careme-2022-3eme-dimanche-19-20-mars-2022","status":"publish","type":"page","link":"https:\/\/eglise-catholique-valdorge.fr\/?page_id=5675","title":{"rendered":"Car\u00eame 2022 : 3\u00e8me dimanche 19-20 mars 2022"},"content":{"rendered":"\n<h1><img loading=\"lazy\" decoding=\"async\" class=\"aligncenter wp-image-5499 size-full\" src=\"https:\/\/eglise-catholique-valdorge.fr\/wp-content\/uploads\/2022\/02\/Troisieme-dimanche.jpg\" alt=\"\" width=\"445\" height=\"233\" srcset=\"https:\/\/eglise-catholique-valdorge.fr\/wp-content\/uploads\/2022\/02\/Troisieme-dimanche.jpg 445w, https:\/\/eglise-catholique-valdorge.fr\/wp-content\/uploads\/2022\/02\/Troisieme-dimanche-300x157.jpg 300w\" sizes=\"(max-width: 445px) 100vw, 445px\" \/><\/h1>\n<h2 style=\"text-align: center;\"><strong>SECTEUR DU VAL D&rsquo;ORGE\u00a0 <\/strong><\/h2>\n<h2 style=\"text-align: center;\"><strong>3<sup>\u00e8me<\/sup>DIMANCHE de CAREME <\/strong><\/h2>\n<h2 style=\"text-align: center;\"><strong>\u00a0Ann\u00e9e C &#8211; 19 -20 Mars 2022<\/strong><\/h2>\n<h2 style=\"text-align: center;\"><strong>\u00a0Couleur Liturgique Violet<\/strong><\/h2>\n<p><strong>\u00a0<\/strong><\/p>\n<p style=\"text-align: center;\"><em><strong>\u201cMa\u00eetre , laisse-le encore cette ann\u00e9e . &#8230;peut-\u00eatre donnera-t-il du fruit \u00e0 l\u2019avenir\u00bb<\/strong><\/em><\/p>\n<p>\u00a0<\/p>\n<p><span style=\"color: #0000ff;\"><strong><u>Accueil<\/u><\/strong><\/span>\u00a0\u00a0\u00a0\u00a0\u00a0\u00a0\u00a0 Bonjour et bienvenue \u00e0 tous et toutes sp\u00e9cialement ( selon les cas : )<br \/>\u2022 aux cat\u00e9chum\u00e8nes qui vont vivre un moment important : leur deuxi\u00e8me scrutin<br \/>\u2022 aux enfants de la cat\u00e9ch\u00e8se qui se pr\u00e9parent \u00e0 la premi\u00e8re de leur communion .<\/p>\n<p>Le Seigneur nous interpelle sur notre chemin de Car\u00eame : <em><strong>Cherchez la justice !<\/strong><\/em><br \/>Cet appel r\u00e9sonne d\u2019autant plus fort \u00e0 nos oreilles de chr\u00e9tiens aujourd\u2019hui , puisque, lors de leur derni\u00e8re Assembl\u00e9e pl\u00e9ni\u00e8re \u00e0 Lourdes, les \u00e9v\u00eaques ont d\u00e9cid\u00e9 que le 20 mars serait <em>une journ\u00e9e de m\u00e9moire pour les victimes de violences et d&rsquo;agressions sexuelles dans l&rsquo;\u00c9glise.<\/em><br \/>\u00ab Tout au long de l\u2019histoire du peuple d\u2019Isra\u00ebl et de l\u2019\u00c9glise , il y a eu des hommes qui se sont lev\u00e9s , inspir\u00e9s par Dieu et qui ont os\u00e9 dire \u00e0 leurs contemporains : si vous continuez sur ce chemin d\u2019injustice et de d\u00e9sordre , vous allez \u00e0 la catastrophe \u00bb \u00e9crit Jacques F\u00e9dry , j\u00e9suite et contemporain.<br \/>\u00c9coutons la Parole de Dieu , \u00e9coutons ceux qui nous parlent de justice et de r\u00e9paration.<\/p>\n<h3><span style=\"color: #ff0000;\"><u>Ouverture de la c\u00e9l\u00e9bration<\/u><\/span><\/h3>\n<p><strong><span style=\"color: #0000ff;\">Procession d&rsquo;Entr\u00e9e<\/span> \u2013<\/strong> La partie du visuel correspondant \u00e0 ce premier dimanche de Car\u00eame \u00a0\u00bb\u00a0: CHERCHER La JUSTICE \u00a0peut \u00eatre apport\u00e9e pendant la procession puis affich\u00e9e.<strong> ..<\/strong>ou affich\u00e9e \u00e0 l\u2019avance<\/p>\n<p><strong>\u00a0<\/strong><strong><span style=\"color: #0000ff;\"><u>Chant d\u2019entr\u00e9e\u00a0:<\/u><\/span> Changez vos c\u0153urs G 162 ou Na\u00eetre et rena\u00eetre I 237 (<a href=\"https:\/\/eglise-catholique-valdorge.fr\/wp-content\/uploads\/2022\/03\/Nico13a-Naitre-et-renaitre-TEXTE-et-PARTITION.pdf\">partition jointe<\/a>) ou\u00a0 autre<\/strong><\/p>\n<p><strong>\u00a0\u00a0\u00a0\u00a0\u00a0\u00a0\u00a0\u00a0\u00a0\u00a0\u00a0\u00a0\u00a0\u00a0 <\/strong>\u00a0Suggestion pour les lieux qui re\u00e7oivent les enfants de la cat\u00e9ch\u00e8se prendre ce <strong><em>Chant de la cat\u00e9ch\u00e8se\u00a0:\u00a0 <br \/>\u00a0\u00a0\u00a0\u00a0\u00a0\u00a0\u00a0\u00a0\u00a0\u00a0\u00a0\u00a0\u00a0\u00a0\u00a0\u00a0\u00a0\u00a0\u00a0\u00a0\u00a0\u00a0\u00a0\u00a0\u00a0\u00a0\u00a0\u00a0\u00a0\u00a0\u00a0\u00a0\u00a0\u00a0\u00a0\u00a0\u00a0\u00a0\u00a0\u00a0\u00a0\u00a0\u00a0\u00a0\u00a0\u00a0\u00a0 Cette Parole est un tr\u00e9sor\u00a0 (voir <a href=\"https:\/\/eglise-catholique-valdorge.fr\/wp-content\/uploads\/2022\/03\/Cette-parole-est-un-tresor.pdf\">partition jointe<\/a>)<br \/>nous pouvons prendre ce chant en entr\u00e9e ou \/et au moment de l\u2019acclamation de l\u2019\u00c9vangile ,\u00a0: <\/em><\/strong><em>comme nous sommes en Car\u00eame nous pouvons remplacer All\u00e9lu, all\u00e9luia, all\u00e9lu, all\u00e9uia , par la r\u00e9p\u00e9tition de la derni\u00e8re phrase\u00a0:<\/em><strong><em>\u00a0\u00a0\u00a0\u00a0\u00a0\u00a0\u00a0\u00a0\u00a0\u00a0\u00a0 \u00a0\u00a0\u00a0\u00a0\u00a0\u00a0\u00a0\u00a0\u00a0\u00a0\u00a0\u00a0\u00a0\u00a0\u00a0\u00a0\u00a0un cadeau que Dieu nous fait\u00a0 , un cadeau pour mieux l\u2019aimer!<\/em><\/strong><\/p>\n<p><em><u>\u00a0<\/u><\/em><\/p>\n<p><span style=\"color: #0000ff;\"><strong><u>Pr\u00e9paration P\u00e9nitentielle<\/u><\/strong><\/span><\/p>\n<ul>\n<li>Pardon , je t\u2019ai dit non <em>( <a href=\"https:\/\/eglise-catholique-valdorge.fr\/wp-content\/uploads\/2022\/03\/pardon-et-allelluia.pdf\">partition jointe<\/a> si les assembl\u00e9es avec enfants souhaitent cette invocation)<\/em><br \/>J\u00e9sus ami des hommes (CNA 412),<\/li>\n<li>Seigneur prends piti\u00e9, donne-nous ton pardon (GC 55-50, Voix nouvelles n\u00b0\u200957),<\/li>\n<li>Christ, le fils du P\u00e8re (G 50)<\/li>\n<\/ul>\n<p><em>Pendant le Car\u00eame, on omet le Gloire \u00e0 Dieu<\/em><\/p>\n<p><strong><u>\u00a0<\/u><\/strong><\/p>\n<h3><span style=\"color: #ff0000;\"><u>Liturgie de la Parole<\/u><\/span><\/h3>\n<p>Les dimanches de Car\u00eame balisent notre marche vers P\u00e2ques en nous pr\u00e9sentant les \u00e9tapes qui ont introduit le peuple dans l\u2019Alliance de Dieu. Apr\u00e8s l\u2019Alliance avec Abraham, voici celle avec Mo\u00efse.<\/p>\n<p><strong><span style=\"color: #0000ff;\">Lecture<\/span> du livre de l\u2019Exode\u00a0 (3, 1 \u2013 8a. 10. 13 15)<\/strong><\/p>\n<p><strong><span style=\"color: #0000ff;\">Psaume<\/span>\u00a0\u00a0 102 <em>Le Seigneur est tendresse et piti\u00e9.<\/em><\/strong><\/p>\n<p>Soyons attentifs aux le\u00e7ons de l&rsquo;Ancien Testament &#8230;<\/p>\n<p><strong><span style=\"color: #0000ff;\">Lecture<\/span> de la premi\u00e8re lettre de saint Paul Ap\u00f4tre aux Corinthiens.\u00a0(10, 1 \u2013 6, 10 &#8211; 12)<\/strong><\/p>\n<p><strong><em><u><span style=\"color: #0000ff;\">Acclamation de l\u2019Evangile<\/span><\/u><\/em><\/strong><\/p>\n<p style=\"text-align: center;\"><strong><em>\u00a0\u00a0 1. <u>pour la cat\u00e9ch\u00e8se<\/u>\u00a0 choix possible\u00a0:<br \/>Cette Parole est un tr\u00e9sor plus pr\u00e9cieux qu\u2019un coffre d\u2019or<br \/>un cadeau qui nous est fait , un cadeau pour mieux s\u2019aimer<br \/>un cadeau que Dieu nous fait , pour mieux l\u2019aimer<\/em><\/strong><\/p>\n<p style=\"text-align: center;\"><strong><em>\u00a0\u00a0 2. <u>pour les cat\u00e9chum\u00e8nes<\/u> et autres choix<br \/>Gloire au Christ Parole \u00e9ternelle du Dieu vivant ( P.E page 137 )<br \/>Ta Parole Seigneur est v\u00e9rit\u00e9 et ta loi d\u00e9livrance<br \/>Heureux, bienheureux qui \u00e9coute la Parole\u00a0\u00a0 de Dieu Heureux, bienheureux\u00a0\u00a0 Qui la garde dans son c\u0153ur.<\/em><\/strong><\/p>\n<p><strong><span style=\"color: #0000ff;\">Evangile de J\u00e9sus Christ Selon saint Luc (13, 1 \u2013 9)<\/span><\/strong><\/p>\n<p><span style=\"color: #0000ff;\"><strong><u>Hom\u00e9lie<\/u><\/strong><\/span><\/p>\n<p><strong><u><span style=\"color: #0000ff;\">Profession de Foi<\/span><\/u> (<\/strong><strong>Symbole des Ap\u00f4tres)<\/strong><\/p>\n<p><strong>\u00a0<\/strong><\/p>\n<p><span style=\"color: #0000ff;\"><strong>Pri\u00e8re Universelle <\/strong>:<\/span><br \/><strong>Refrain : Dans ta mis\u00e9ricorde , Seigneur , \u00e9coute-nous\u00a0\u00a0 (P.E. page 138)<br \/>ou\u00a0 autre\u00a0 de Glorious\u00a0: (Relever le faible) <em>:\u00a0\u00a0 Entends le cri de ma pri\u00e8re,<br \/>Sois mon secours et ma joie\u00a0!\u00a0 Pass\u00e9 de l\u2019ombre \u00e0 ta lumi\u00e8re, j\u2019ai mis mon espoir en Toi.<\/em><\/strong><\/p>\n<ul>\n<li><strong>Premi\u00e8re intention\u00a0: \u00ab\u2009Celui qui se croit solide, qu\u2019il fasse attention \u00e0 ne pas tomber<\/strong>.\u2009\u00bb<\/li>\n<li><em>pour la premi\u00e8re intention nous pouvons choisir entre les les 3 propositions suivantes\u00a0et terminer par l\u2019invocation en rouge<\/em><\/li>\n<\/ul>\n<p style=\"text-align: left;\">1 \/ Comme les Galil\u00e9ens, des personnes, enfants ou adultes, marchaient avec innocence quand leur vie a \u00e9t\u00e9 mise en pi\u00e8ce et massacr\u00e9e.<br \/>Prions pour les victimes d\u2019abus sexuels et demandons la charit\u00e9 qui ouvre des chemins de reconstruction humaine.<br \/>2\/\u00a0 Des personnes faisaient confiance \u00e0 ceux qui devaient les conduire au c\u0153ur du buisson ardent de l\u2019amour divin. Elles ont \u00e9t\u00e9 projet\u00e9es dans un feu destructeur et mortel.<br \/>Prions pour les victimes d\u2019abus spirituels et demandons la force de vivre dans l\u2019attention et le respect de tout homme, femme et enfant<br \/>3\/ Que les actes commis envers les plus faibles alertent notre conscience et r\u00e9veillent notre vigilance.\u00a0\u00a0 Prions pour les victimes d\u2019abus de toutes sortes et, selon la recommandation du Seigneur lui-m\u00eame,\u00a0\u00a0\u00a0 prions aussi pour ceux qui se sont fait leurs ennemis, pour que <u>jamais plus<\/u>\u00a0 ils ne soient en capacit\u00e9 de nuire.<\/p>\n<p style=\"text-align: center;\"><strong><em> Prions pour notre \u00c9glise afin qu\u2019elle devienne une \u00ab\u2009maison s\u00fbre\u2009\u00bb.<\/em><\/strong><\/p>\n<p>\u00a0<\/p>\n<ul>\n<li><strong>Deuxi\u00e8me intention : \u00ab\u00a0 Tous , ils ont \u00e9t\u00e9 unis par un bapt\u00eame, .\u00a0\u00bb<\/strong><br \/>Des hommes et des femmes, cat\u00e9chum\u00e8nes, cheminent \u00e0 la rencontre du Seigneur.<\/li>\n<\/ul>\n<p>Aujourd\u2019hui ils vont faire une d\u00e9marche importante vers le bapt\u00eame\u00a0: Leur premier\u00a0 scrutin .<br \/>Dans notre secteur nous prions pour\u00a0 Anasthasia, Chlo\u00e9, Claire, David, Guillaume, Marie Virginie, Shirley, Tourya (prononcer Tourilla)<br \/>Que notre pr\u00e9sence aupr\u00e8s d\u2019eux et notre accompagnement fraternel soient au service de leur libert\u00e9 et de leur engagement dans la foi.<\/p>\n<p style=\"text-align: center;\"><strong><em>Prions pour notre \u00c9glise afin qu\u2019elle devienne une \u00ab\u2009maison fraternelle\u2009\u00bb.<\/em><\/strong><\/p>\n<p>\u00a0<\/p>\n<ul>\n<li><strong>Troisi\u00e8me intention : \u00ab\u00a0 J\u2019ai vu , oui , j\u2019ai vu la mis\u00e8re de mon peuple, j\u2019ai entendu ses cris&#8230;\u00a0\u00bb<\/strong><\/li>\n<\/ul>\n<p>Des personnes\u00a0 demeurent priv\u00e9es de libert\u00e9 de conscience et d\u2019information ,\u00a0 aveugl\u00e9es par des dictatures et les propagandes de toutes sortes . D\u2019autres\u00a0 subissent\u00a0 la guerre meurtri\u00e8re ,\u00a0 la torture,\u00a0 la famine , le rejet , le m\u00e9pris\u00a0 .<br \/>Prions pour eux et restons vigilants pour leur apporter aide et compassion .<\/p>\n<p style=\"text-align: center;\"><strong><em>Prions pour notre\u00a0\u00a0 \u00c9glise afin qu\u2019elle devienne une \u00ab\u00a0maison qui prend soin\u00a0\u00bb.<\/em><\/strong><\/p>\n<p>\u00a0<\/p>\n<ul>\n<li><strong>Quatri\u00e8me intention : \u00ab\u00a0 B\u00e9nis le Seigneur , \u00f4 mon \u00e2me , n\u2019oublie aucun de ses bienfaits .\u00a0\u00bb<\/strong><\/li>\n<\/ul>\n<p>Nous rendons gr\u00e2ce au Seigneur pour les enfants qui se pr\u00e9parent \u00e0 la premi\u00e8re de leur communion dans notre secteur<br \/>Prions pour eux , pour leur famille , pour leurs cat\u00e9chistes, pour nos pr\u00eatres.<br \/>Que tous puissent se sentir accueillis et heureux de progresser dans\u00a0 leur foi.<\/p>\n<p style=\"text-align: center;\"><strong><em>Prions pour notre\u00a0 \u00c9glise afin qu\u2019elle devienne une \u00ab\u00a0 maison accueillante \u00bb.<\/em><\/strong><\/p>\n<p>\u00a0<\/p>\n<ul>\n<li><strong>Cinqui\u00e8me intention :<\/strong><\/li>\n<\/ul>\n<p>Sunspirit for Justice and Peace est un partenaire indon\u00e9sien du CCFD-Terre Solidaire qui accompagne la soci\u00e9t\u00e9 civile dans la mise en place de projets de d\u00e9veloppement.<br \/><em>Prions pour eux , pour leur famille , pour leurs cat\u00e9chistes, pour nos pr\u00eatres.<br \/>Dieu de justice, nous te confions Sunspirit.<br \/>Donne-lui ta pers\u00e9v\u00e9rance pour qu\u2019il ait la force d\u2019\u0153uvrer pour la justice sociale, la paix et la sauvegarde de l\u2019environnement<\/em><\/p>\n<p>\u00a0<\/p>\n<h3><span style=\"color: #ff0000;\"><u>Pri\u00e8re eucharistique<\/u><\/span> <em>(\u00c9viter un ordinaire trop \u00ab\u00a0festif\u00a0\u00bb)<\/em><\/h3>\n<p><strong><span style=\"color: #0000ff;\">Sanctus<\/span><\/strong> Louange eucharistique C230 Ou autre choix<br \/>SAINT LE SEIGNEUR DE L&rsquo;UNIVERS, SAINT LE TRES-HAUT, LE DIEU DE GLOIRE, SAINT JESUS-CHRIST, BERGER DE PAIX, L&rsquo;EMMANUEL DANS NOTRE HISTOIRE !<br \/>Le ciel et la terre sont remplis de ta gloire. Hosanna au plus haut des cieux !<br \/>B\u00e9ni soit Celui qui vient au nom du Seigneur ! Hosanna au plus haut des cieux !<br \/>SAINT LE SEIGNEUR DE L&rsquo;UNIVERS, SAINT LE TRES-HAUT, LE DIEU DE GLOIRE, SAINT JESUS-CHRIST, BERGER DE PAIX, L&rsquo;EMMANUEL DANS NOTRE HISTOIRE !<\/p>\n<p><span style=\"color: #0000ff;\"><strong>Anamn\u00e8se<\/strong><\/span> \u2013 Gloire \u00e0 toi qui \u00e9tait mort C19-92 Ou autre choix<br \/>Gloire \u00e0 toi qui \u00e9tais mort, Gloire \u00e0 toi J\u00e9sus, Gloire \u00e0 toi qui es vivant, Gloire \u00e0 toi !<br \/>Gloire \u00e0 toi ressuscit\u00e9 Viens revivre en nous Aujourd\u2019hui et jusqu\u2019au dernier jour<\/p>\n<p><span style=\"color: #0000ff;\"><strong>Notre P\u00e8re<\/strong><\/span><\/p>\n<p><span style=\"color: #0000ff;\"><strong>Geste de Paix<\/strong><\/span><\/p>\n<p><span style=\"color: #0000ff;\"><strong>Agneau de Dieu<\/strong><\/span> qui prend nos p\u00e9ch\u00e9s D261 Ou autre\u00a0 choix<br \/>1. Agneau de Dieu qui prends nos p\u00e9ch\u00e9s, Agneau de Dieu qui prends nos p\u00e9ch\u00e9s :<br \/>Tu donnes joie au monde. JOIE. TU DONNES JOIE AU MONDE.<br \/>2. Agneau de Dieu qui prends nos p\u00e9ch\u00e9s, Agneau de Dieu qui prends nos p\u00e9ch\u00e9s :<br \/>Tu donnes vie au monde. VIE. TU DONNES VIE AU MONDE.<br \/>3. Agneau de Dieu qui prends nos p\u00e9ch\u00e9s, Agneau de Dieu qui prends nos p\u00e9ch\u00e9s :<br \/>Tu donnes paix au monde. PAIX. TU DONNES PAIX AU MONDE.<\/p>\n<p><strong>\u266b<\/strong> <span style=\"color: #0000ff;\"><strong>Communion<\/strong><\/span><\/p>\n<p><strong>Chant <\/strong><strong>Tu fais ta demeure en nous Seigneur \u2013 Emmanuel\u00a0 <\/strong><\/p>\n<p><strong>\u00a0\u00a0\u00a0\u00a0\u00a0\u00a0\u00a0\u00a0\u00a0\u00a0\u00a0\u00a0\u00a0 Venez approchons P.E. page 255<\/strong><\/p>\n<p><strong>\u00a0\u00a0\u00a0\u00a0\u00a0\u00a0\u00a0\u00a0\u00a0\u00a0\u00a0\u00a0\u00a0\u00a0\u00a0\u00a0 Regardez l\u2019humilit\u00e9 de Dieu<\/strong> ( partition jointe)\u00a0 Ou\u00a0 autre\u00a0 choix<\/p>\n<h3><span style=\"color: #ff0000;\"><u>Conclusion de la c\u00e9l\u00e9bration<\/u><\/span><\/h3>\n<p><strong>\u00a0<\/strong><strong><span style=\"color: #0000ff;\">Annonces<\/span> :\u00a0\u00a0\u00a0\u00a0\u00a0\u00a0\u00a0\u00a0 <\/strong>n\u2019oubliez pas le feuillet propos\u00e9 pour nourrir votre pri\u00e8re tout au long de la semaine<\/p>\n<p><u>\u00a0<\/u><\/p>\n<p><strong><u>\u266b<\/u><\/strong> <span style=\"color: #0000ff;\"><strong><u>Envoi <\/u><\/strong><\/span><strong><u>\u00a0\u00a0<\/u><\/strong><strong>\u00a0\u00a0\u00a0\u00a0\u00a0\u00a0\u00a0\u00a0\u00a0\u00a0\u00a0\u00a0\u00a0Chant du Synode\u00a0: Peuple de Dieu , va sur ton chemin<\/strong><\/p>\n<p>\u00a0\u00a0\u00a0\u00a0\u00a0\u00a0\u00a0\u00a0\u00a0\u00a0\u00a0 Ou <strong>chant propos\u00e9 par le CCFD-terre solidaire\u00a0<\/strong>:<\/p>\n<p><strong>Nous habitons tous la m\u00eame maison, notre maison commune, maison de communion ;<\/strong><\/p>\n<p><strong>nous habitons tous la m\u00eame maison, cette terre-m\u00e8re que nous partageons<\/strong><\/p>\n","protected":false},"excerpt":{"rendered":"","protected":false},"author":1,"featured_media":0,"parent":0,"menu_order":0,"comment_status":"closed","ping_status":"closed","template":"","meta":{"kt_blocks_editor_width":"","footnotes":""},"_links":{"self":[{"href":"https:\/\/eglise-catholique-valdorge.fr\/index.php?rest_route=\/wp\/v2\/pages\/5675"}],"collection":[{"href":"https:\/\/eglise-catholique-valdorge.fr\/index.php?rest_route=\/wp\/v2\/pages"}],"about":[{"href":"https:\/\/eglise-catholique-valdorge.fr\/index.php?rest_route=\/wp\/v2\/types\/page"}],"author":[{"embeddable":true,"href":"https:\/\/eglise-catholique-valdorge.fr\/index.php?rest_route=\/wp\/v2\/users\/1"}],"replies":[{"embeddable":true,"href":"https:\/\/eglise-catholique-valdorge.fr\/index.php?rest_route=%2Fwp%2Fv2%2Fcomments&post=5675"}],"version-history":[{"count":16,"href":"https:\/\/eglise-catholique-valdorge.fr\/index.php?rest_route=\/wp\/v2\/pages\/5675\/revisions"}],"predecessor-version":[{"id":5709,"href":"https:\/\/eglise-catholique-valdorge.fr\/index.php?rest_route=\/wp\/v2\/pages\/5675\/revisions\/5709"}],"wp:attachment":[{"href":"https:\/\/eglise-catholique-valdorge.fr\/index.php?rest_route=%2Fwp%2Fv2%2Fmedia&parent=5675"}],"curies":[{"name":"wp","href":"https:\/\/api.w.org\/{rel}","templated":true}]}}